{"id":4113,"date":"2022-02-27T15:33:24","date_gmt":"2022-02-27T15:33:24","guid":{"rendered":"https:\/\/www.lemasdunaoc.com\/?page_id=4113"},"modified":"2025-04-16T10:38:58","modified_gmt":"2025-04-16T10:38:58","slug":"conditions-generales-de-vente","status":"publish","type":"page","link":"https:\/\/www.lemasdunaoc.com\/fr\/conditions-generales-de-vente\/","title":{"rendered":"CGV"},"content":{"rendered":"<div class=\"wpb-content-wrapper\"><p>[vc_row][vc_column][vc_single_image image=\u00a0\u00bb4073&Prime; img_size=\u00a0\u00bb1000&#215;400&Prime; alignment=\u00a0\u00bbcenter\u00a0\u00bb][\/vc_column][\/vc_row][vc_row][vc_column][vc_column_text]<\/p>\n<p class=\"p1\">Pr\u00e9ambule<\/p>\n<p class=\"p2\">1. Les pr\u00e9sentes Conditions G\u00e9n\u00e9rales de Ventes s\u2019appliquent aux r\u00e9servations individuelles faites par le client pour ses besoins personnels.<\/p>\n<p class=\"p2\">2. La demande de r\u00e9servation entra\u00eene l\u2019adh\u00e9sion aux pr\u00e9sentes conditions de vente et l\u2019acceptation compl\u00e8te et sans r\u00e9serve de leurs dispositions.<\/p>\n<p class=\"p2\">3. La demande de r\u00e9servation devra \u00eatre r\u00e9alis\u00e9e au nom d\u2019une des personnes qui s\u00e9journera au Mas du Naoc (ci-apr\u00e8s d\u00e9sign\u00e9e le \u00ab Client \u00bb).<\/p>\n<p class=\"p2\">4. Le client reconna\u00eet avoir pris connaissance et accept\u00e9 les pr\u00e9sentes conditions g\u00e9n\u00e9rales de vente.<\/p>\n<p class=\"p1\"><b>Article 1 : R\u00e9servation<\/b><\/p>\n<ol class=\"ol1\">\n<li class=\"li3\"><span class=\"s1\">La r\u00e9servation est r\u00e9put\u00e9e form\u00e9e lors de la confirmation de celle-ci par email envoy\u00e9 au client. la confirmation intervient apr\u00e8s le versement de l\u2019acompte demand\u00e9.<\/span><\/li>\n<\/ol>\n<p class=\"p2\">2. Le client s\u2019engage, pr\u00e9alablement \u00e0 toute r\u00e9servation, \u00e0 compl\u00e9ter les informations demand\u00e9es sur la demande de r\u00e9servation.<\/p>\n<p class=\"p2\">3. Le client atteste de la v\u00e9racit\u00e9 et de l\u2019exactitude des informations transmises.<\/p>\n<p class=\"p2\">5. La proc\u00e9dure de r\u00e9servation se fait exclusivement par \u00e9changes d\u2019emails entre le Mas du Naoc et le client.<\/p>\n<p class=\"p1\"><b>Article 2 : Prix<\/b><\/p>\n<ol class=\"ol1\">\n<li class=\"li3\"><span class=\"s1\">Les prix sont indiqu\u00e9s en euros. (<\/span><span class=\"s2\">TVA non applicable, article 293 B)<\/span><\/li>\n<li class=\"li3\"><span class=\"s1\">Les prix indiqu\u00e9s ne comprennent que les prestations strictement mentionn\u00e9es dans la r\u00e9servation. Au prix mentionn\u00e9 dans la r\u00e9servation seront ajout\u00e9es, lors de la facturation, les prestations compl\u00e9mentaires (boissons, repas, petits d\u00e9jeuners) et la taxe de s\u00e9jour (1,10 euros par nuit et par personne).\u00a0<\/span><\/li>\n<li class=\"li3\"><span class=\"s1\">Les prix applicables sont ceux en vigueur au jour de la r\u00e9servation. Seul le prix indiqu\u00e9 dans la confirmation de r\u00e9servation est contractuel.<\/span><\/li>\n<\/ol>\n<p class=\"p1\"><b>Article 3<span class=\"Apple-converted-space\">\u00a0 <\/span>: Modalit\u00e9s de paiement<\/b><\/p>\n<ol class=\"ol1\">\n<li class=\"li3\"><span class=\"s1\">Le r\u00e8glement de l\u2019h\u00e9bergement en chambre d\u2019h\u00f4tes ou appartement se fera directement aupr\u00e8s du Mas du Naoc<span class=\"Apple-converted-space\">\u00a0<\/span><\/span><\/li>\n<li class=\"li3\"><span class=\"s1\">Tarifs disponibles :<span class=\"Apple-converted-space\">\u00a0<\/span><\/span>\n<ol class=\"ol1\">\n<li class=\"li3\">2.1.<span class=\"s1\">Tarifs basse saison en chambre d\u2019h\u00f4tes avec petits d\u00e9jeuners et\/ou en version appartement (du 1er novembre \u00e0 P\u00e2ques).<\/span><\/li>\n<li class=\"li3\">2.2.<span class=\"s1\">Tarifs Haute saison en chambre d\u2019h\u00f4tes avec petits d\u00e9jeuners et\/ou en version appartement (de P\u00e2ques au 30 octobre).<\/span><\/li>\n<li class=\"li3\">2.3.<span class=\"s1\">Tarifs des services compl\u00e9mentaires disponible sur place et factur\u00e9 en fin de s\u00e9jour.<\/span><\/li>\n<\/ol>\n<\/li>\n<li class=\"li3\"><span class=\"s1\">Le client verse un acompte de 30% de son s\u00e9jour \u00e0 titre de garantie avec un minimum d\u2019une nuit\u00e9e.<\/span><\/li>\n<li class=\"li3\"><span class=\"s1\">Le solde du s\u00e9jour est vers\u00e9 \u00e0 l\u2019arriv\u00e9e (en cas de r\u00e8glement par ch\u00e8que ou esp\u00e8ces, ou avant l\u2019arriv\u00e9e en cas de virement bancaire).<\/span><\/li>\n<\/ol>\n<p class=\"p1\"><b>Article 4 : Conditions d\u2019annulation<\/b><\/p>\n<p class=\"p2\">1. Il est rappel\u00e9 au client, conform\u00e9ment \u00e0 l\u2019article L. 121-20-4 du Code de la consommation, qu\u2019il ne dispose pas du droit de r\u00e9tractation pr\u00e9vu \u00e0 l\u2019article L. 121-20 du Code de la consommation.<\/p>\n<p class=\"p2\">2. Les r\u00e9servations ne pourront faire l\u2019objet de modification et\/ou d\u2019annulation qu\u2019apr\u00e8s accord du Mas du Naoc. Les sommes vers\u00e9es d\u2019avance sous forme d\u2019acompte ne feront l\u2019objet d\u2019aucun remboursement. Elle pourront faire l\u2019objet d\u2019un avoir valable pour une dur\u00e9e d\u2019un an sur une location similaire dans la limite des disponibilit\u00e9s du Mas du Naoc*<\/p>\n<p class=\"p2\">3. En cas d\u2019interruption du s\u00e9jour (d\u00e9part impr\u00e9vu) le client devra s\u2019acquitter de la totalit\u00e9 de son s\u00e9jour, aucun remboursement ne sera effectu\u00e9.<\/p>\n<p class=\"p2\">4. Sauf disposition expresse contraire, les chambres ou appartements sont mis \u00e0 disposition \u00e0 partir de 16 heures et jusqu\u2019\u00e0 19H30 le jour de l\u2019arriv\u00e9e. Le client doit quitter la chambre avant 11 heures le jour de la fin de la r\u00e9servation, 10 heures dans le cas de location d\u2019appartement. Le d\u00e9part tardif est possible sur demande, en fonction de la disponibilit\u00e9 des chambres ou appartement et moyennant un tarif suppl\u00e9mentaire.<\/p>\n<p class=\"p1\"><b>Article 5 : S\u00e9jour au Mas du Naoc<\/b><\/p>\n<p class=\"p2\">1. Le client accepte et s\u2019engage \u00e0 utiliser la chambre ou l\u2019appartement de mani\u00e8re raisonnable et conform\u00e9ment \u00e0 sa destination. Aussi tout comportement contraire aux bonnes m\u0153urs et \u00e0 l\u2019ordre public am\u00e8nera le Mas du Naoc \u00e0 demander au client de quitter l\u2019\u00e9tablissement sans aucune indemnit\u00e9 et ou sans aucun remboursement, si un r\u00e8glement a d\u00e9j\u00e0 \u00e9t\u00e9 effectu\u00e9. Dans le cas o\u00f9 aucun r\u00e8glement n\u2019a encore \u00e9t\u00e9 effectu\u00e9, le client devra s\u2019acquitter du prix des nuit\u00e9es consomm\u00e9es avant de quitter l\u2019\u00e9tablissement.<\/p>\n<p class=\"p2\">3. Le client s\u2019engage \u00e0 ce que les ressources informatiques (acc\u00e8s WIFI) mises \u00e0 sa disposition ne soient en aucune mani\u00e8re utilis\u00e9es \u00e0 des fins illicites.<span class=\"Apple-converted-space\">\u00a0<\/span><\/p>\n<p class=\"p2\">4. Il n\u2019est pas permis de fumer ou de vapoter \u00e0 l\u2019int\u00e9rieur.<\/p>\n<p class=\"p2\"><span class=\"Apple-converted-space\">\u00a0<\/span><\/p>\n<p class=\"p1\"><b>Article 6 : R\u00e9clamations<\/b><\/p>\n<p class=\"p2\">Toute r\u00e9clamation devra \u00eatre adress\u00e9e au Mas du Naoc par courriel \u00e0 info@lemasdunaoc.com, au plus tard 15 jours apr\u00e8s la date de d\u00e9part, sous peine de forclusion.<\/p>\n<p class=\"p1\"><b>Article 7 : Responsabilit\u00e9s<\/b><\/p>\n<p class=\"p2\">1. Les photographies pr\u00e9sent\u00e9es sur le site illustre le Mas du Naoc de fa\u00e7on \u00e0 donner un aper\u00e7u aussi exact que possible des prestations d\u2019h\u00e9bergement propos\u00e9es. Cependant il est possible que des changement de mobilier ou de r\u00e9novations puissent intervenir. Le client ne peut pr\u00e9tendre \u00e0 aucune r\u00e9clamation de ce fait.<\/p>\n<p class=\"p2\">2. Le Mas du Naoc ne saurait \u00eatre tenu pour responsable de l\u2019inex\u00e9cution ou de la mauvaise ex\u00e9cution de la r\u00e9servation en cas de force majeure, du fait du tiers, impr\u00e9visible et insurmontable, du fait du client, tels que l\u2019indisponibilit\u00e9 du r\u00e9seau internet, impossibilit\u00e9 d\u2019acc\u00e8s au site web, intrusion ext\u00e9rieure, virus informatiques.<\/p>\n<p class=\"p1\"><b>Article 8 : Respect de la vie priv\u00e9e et protection des donn\u00e9es \u00e0 caract\u00e8re personnel<\/b><\/p>\n<p class=\"p2\">1. Le Mas du Naoc met en \u0153uvre des traitements de donn\u00e9es \u00e0 caract\u00e8re personnel, dont il est responsable.<\/p>\n<p class=\"p2\">2. Dans le cadre de ce traitement, Le Mas du Naoc collecte des informations concernant l\u2019identit\u00e9 du client, son nom, son pr\u00e9nom, son adresse mail et\/ou postale, son num\u00e9ro de t\u00e9l\u00e9phone.<span class=\"Apple-converted-space\">\u00a0<\/span><\/p>\n<p class=\"p2\">3. Le client est inform\u00e9, sur chacun des formulaires de collecte de donn\u00e9es \u00e0 caract\u00e8re personnel, du caract\u00e8re obligatoire ou facultatif des r\u00e9ponses par la pr\u00e9sence d\u2019un ast\u00e9risque.<\/p>\n<p class=\"p2\">4. Conform\u00e9ment \u00e0 la Loi 78-17 \u00ab Informatique et Libert\u00e9s \u00bb du 6 janvier 1978 modifi\u00e9e et au R\u00e8glement g\u00e9n\u00e9ral sur la protection des donn\u00e9es entr\u00e9 en vigueur le 25 mai 2018, le client dispose d\u2019un droit d\u2019acc\u00e8s, de rectification et d\u2019opposition aux donn\u00e9es personnelles trait\u00e9es les concernant.<\/p>\n<p class=\"p2\">5. Le client peut \u00e9galement refuser le traitement, solliciter une limitation de celui-ci ou demander la suppression (dans les limites des dur\u00e9es l\u00e9gales de conservation) des donn\u00e9es \u00e0 caract\u00e8re personnel.<\/p>\n<p class=\"p2\">6. Ce droit peut \u00eatre exerc\u00e9 sur simple demande \u00e9crite \u00e0 l\u2019adresse info@lemasdunaoc.com qui r\u00e9pondra aux demandes formul\u00e9es.<\/p>\n<p class=\"p2\">8. La finalit\u00e9 du traitement des donn\u00e9es personnelles collect\u00e9es correspond aux obligations relatives aux prestations r\u00e9alis\u00e9es (gestion des clients, propositions commerciales, r\u00e9alisation des statistiques).<\/p>\n<p class=\"p1\"><b>Article 9 : Loi applicable \u2013 langue<\/b><\/p>\n<p class=\"p2\">Les pr\u00e9sentes conditions g\u00e9n\u00e9rales de vente sont r\u00e9gies par la loi fran\u00e7aise.<\/p>\n<p class=\"p2\">La langue faisant foi est le fran\u00e7ais. Si les conditions g\u00e9n\u00e9rales de vente venaient \u00e0 faire l\u2019objet d\u2019une traduction en langue \u00e9trang\u00e8re, la langue fran\u00e7aise pr\u00e9vaudrait sur toute autre traduction en cas de contestation, litige, difficult\u00e9 d\u2019interpr\u00e9tation ou d\u2019ex\u00e9cution des pr\u00e9sentes conditions et de fa\u00e7on plus g\u00e9n\u00e9rale concernant les relations existantes entre les parties<\/p>\n<p>(*) Avec accord du Mas du Naoc et pour toutes annulations effectu\u00e9es avant les 10 jours pr\u00e9c\u00e9dant la date d\u2019arriv\u00e9e.<\/p>\n<p class=\"p2\">\u2014\u2014\u2014\u2014\u2014\u2014\u2014\u2014\u2014\u2014\u2014\u2014\u2014\u2014\u2014\u2014\u2014\u2014\u2014\u2014\u2014\u2014\u2014<\/p>\n<p class=\"p2\">Preamble<\/p>\n<p class=\"p2\">1. These General Terms and Conditions of Business apply to individual bookings made by the customer for his or her own personal use.<\/p>\n<p class=\"p2\">2. The request for a reservation implies adherence to these terms and conditions of sale and full and unreserved acceptance of their provisions.<\/p>\n<p class=\"p2\">3. The reservation request must be made in the name of one of the persons who will be staying at Mas du Naoc (hereinafter referred to as the \u00ab\u00a0Client\u00a0\u00bb).<\/p>\n<p class=\"p2\">4. The client acknowledges having read and accepted the present general conditions of sale.<\/p>\n<p class=\"p2\"><b>Article 1: Reservation<\/b><\/p>\n<p class=\"p2\">The reservation is deemed to have been made when it is confirmed by email sent to the client. The confirmation is made after payment of the deposit requested.<\/p>\n<p class=\"p2\">2. The client undertakes, prior to any reservation, to complete the information requested on the reservation request.<\/p>\n<p class=\"p2\">3. 3. The client certifies that the information provided is true and accurate.<\/p>\n<p class=\"p2\">5. The booking procedure is exclusively done by email exchanges between Mas du Naoc and the client.<\/p>\n<p class=\"p2\"><b>Article 2: Prices<\/b><\/p>\n<p class=\"p2\">The prices are indicated in euros. (VAT not applicable, article 293 B)<\/p>\n<p class=\"p2\">The prices indicated only include the services strictly mentioned in the reservation. To the price mentioned in the booking will be added, at the time of invoicing, the additional services (drinks, meals, breakfasts)<span class=\"Apple-converted-space\"> and tourist taxes (1,10 euros per night per person)<\/span><\/p>\n<p class=\"p2\">The prices applicable are those in force on the day of the reservation. Only the price indicated in the booking confirmation is contractual.<\/p>\n<p class=\"p2\"><b>Article 3: Payment methods<\/b><\/p>\n<p class=\"p2\">The payment of the accommodation in guest room or flat will be done directly to the Mas du Naoc<span class=\"Apple-converted-space\">\u00a0<\/span><\/p>\n<p class=\"p2\">Available rates :<span class=\"Apple-converted-space\">\u00a0<\/span><\/p>\n<p class=\"p2\">Low season rates for bed and breakfast and\/or flat (from November 1st to Easter).<\/p>\n<p class=\"p2\">High season rates for bed and breakfast and\/or flat (from Easter to 30 October).<\/p>\n<p class=\"p2\">Rates for additional services available on site and invoiced at the end of the stay.<\/p>\n<p class=\"p2\">The customer pays a deposit of 30% of the stay as a guarantee with a minimum of one night&rsquo;s stay.<\/p>\n<p class=\"p2\">The balance of the stay is paid on arrival (in case of payment by cheque or cash, or before arrival in case of bank transfer).<\/p>\n<p class=\"p2\"><b>Article 4 : Cancellation conditions<\/b><\/p>\n<p class=\"p2\">1. The client is reminded, in accordance with article L. 121-20-4 of the French Consumer Code, that he\/she does not have the right of withdrawal provided for in article L. 121-20 of the Consumer Code.<\/p>\n<p class=\"p2\">2. Reservations can only be modified and\/or cancelled after agreement from Mas du Naoc. The sums paid in advance in the form of a deposit will not be refunded. A credit note may be issued for a period of one year on a similar rental, subject to availability at Mas du Naoc.*<\/p>\n<p class=\"p2\">3. In case of interruption of the stay (unforeseen departure) the client will have to pay the totality of his stay, no refund will be made.<\/p>\n<p class=\"p2\">4. Unless otherwise agreed, the rooms or flats are available from 4 p.m. until 7.30 p.m. on the day of arrival. The guest must leave the room before 11.00 a.m. on the day of the end of the reservation, 10.00 a.m. in the case of flat rental. Late check-out is possible on request, depending on the availability of the rooms or flat and for an additional fee.<\/p>\n<p class=\"p2\"><b>Article 5: Stay at Mas du Naoc<\/b><\/p>\n<p class=\"p2\">1. The client accepts and agrees to use the room or flat in a reasonable manner and in accordance with its purpose. Therefore, any behaviour contrary to good morals and public order will lead the Mas du Naoc to ask the client to leave the establishment without any compensation or refund, if a payment has already been made. If no payment has yet been made, the client must pay the price of the nights consumed before leaving the establishment.<\/p>\n<p class=\"p2\">3. The client undertakes to ensure that the computer resources (WIFI access) made available to him\/her are not used in any way for illegal purposes.<span class=\"Apple-converted-space\">\u00a0<\/span><\/p>\n<p class=\"p2\">4. Smoking and vaping are not permitted inside the hotel.<\/p>\n<p class=\"p2\"><span class=\"Apple-converted-space\">\u00a0<\/span><\/p>\n<p class=\"p2\"><b>Article 6: Complaints<\/b><\/p>\n<p class=\"p2\">All complaints must be sent to the Mas du Naoc by e-mail to info@lemasdunaoc.com, at the latest 15 days after the departure date, under penalty of foreclosure.<\/p>\n<p class=\"p2\"><b>Article 7: Responsibilities<\/b><\/p>\n<ol class=\"ol1\">\n<li class=\"li3\"><span class=\"s1\">The photographs presented on the website illustrate the Mas du Naoc in such a way as to give as accurate an idea as possible of the accommodation services offered. However, it is possible that changes in furniture or renovations may occur. The client can not claim for this fact.<\/span><\/li>\n<\/ol>\n<p class=\"p2\">2. The Mas du Naoc cannot be held responsible for the non-execution or the bad execution of the reservation in case of force majeure, the fact of the third party, unforeseeable and insurmountable, the fact of the customer, such as the unavailability of the internet network, impossibility of access to the website, external intrusion, computer viruses.<\/p>\n<p class=\"p2\"><b>Article 8: Respect for privacy and protection of personal data<\/b><\/p>\n<p class=\"p2\">1. Mas du Naoc implements personal data processing, for which it is responsible.<\/p>\n<p class=\"p2\">2. Within the framework of this processing, Le Mas du Naoc collects information concerning the identity of the customer, his surname, first name, e-mail and\/or postal address, telephone number.<span class=\"Apple-converted-space\">\u00a0<\/span><\/p>\n<p class=\"p2\">3. The customer is informed, on each of the personal data collection forms, of the compulsory or optional nature of the answers by the presence of an asterisk.<\/p>\n<p class=\"p2\">4. In accordance with Law 78-17 \u00ab\u00a0Informatique et Libert\u00e9s\u00a0\u00bb of 6 January 1978 as amended and the General Data Protection Regulation which came into force on 25 May 2018, the customer has the right to access, rectify and object to the personal data processed concerning them.<\/p>\n<p>(*)<span class=\"Y2IQFc\" lang=\"en\">With the agreement of Mas du Naoc and for all cancellations made before 10 days preceding the arrival date.<\/span><\/p>\n<p>[\/vc_column_text][\/vc_column][\/vc_row]","protected":false},"excerpt":{"rendered":"<p>[vc_row][vc_column][vc_single_image image=\u00a0\u00bb4073&Prime; img_size=\u00a0\u00bb1000&#215;400&Prime; alignment=\u00a0\u00bbcenter\u00a0\u00bb][\/vc_column][\/vc_row][vc_row][vc_column][vc_column_text] Pr\u00e9ambule 1. Les pr\u00e9sentes Conditions G\u00e9n\u00e9rales de Ventes s\u2019appliquent aux r\u00e9servations individuelles faites par le client pour ses besoins personnels. 2. La demande de r\u00e9servation entra\u00eene l\u2019adh\u00e9sion&#8230;<\/p>\n","protected":false},"author":1,"featured_media":0,"parent":0,"menu_order":0,"comment_status":"closed","ping_status":"closed","template":"","meta":{"_monsterinsights_skip_tracking":false,"_monsterinsights_sitenote_active":false,"_monsterinsights_sitenote_note":"","_monsterinsights_sitenote_category":0,"footnotes":""},"class_list":["post-4113","page","type-page","status-publish","hentry"],"yoast_head":"<!-- This site is optimized with the Yoast SEO plugin v26.9 - https:\/\/yoast.com\/product\/yoast-seo-wordpress\/ -->\n<title>CGV - Le Mas du Naoc<\/title>\n<meta name=\"robots\" content=\"index, follow, max-snippet:-1, max-image-preview:large, max-video-preview:-1\" \/>\n<link rel=\"canonical\" href=\"https:\/\/www.lemasdunaoc.com\/conditions-generales-de-vente\/\" \/>\n<meta property=\"og:locale\" content=\"fr_FR\" \/>\n<meta property=\"og:type\" content=\"article\" \/>\n<meta property=\"og:title\" content=\"CGV - Le Mas du Naoc\" \/>\n<meta property=\"og:description\" content=\"[vc_row][vc_column][vc_single_image image=\u00a0\u00bb4073&Prime; img_size=\u00a0\u00bb1000&#215;400&Prime; alignment=\u00a0\u00bbcenter\u00a0\u00bb][\/vc_column][\/vc_row][vc_row][vc_column][vc_column_text] Pr\u00e9ambule 1. Les pr\u00e9sentes Conditions G\u00e9n\u00e9rales de Ventes s\u2019appliquent aux r\u00e9servations individuelles faites par le client pour ses besoins personnels. 2. La demande de r\u00e9servation entra\u00eene l\u2019adh\u00e9sion...\" \/>\n<meta property=\"og:url\" content=\"https:\/\/www.lemasdunaoc.com\/conditions-generales-de-vente\/\" \/>\n<meta property=\"og:site_name\" content=\"Le Mas du Naoc\" \/>\n<meta property=\"article:modified_time\" content=\"2025-04-16T10:38:58+00:00\" \/>\n<meta name=\"twitter:card\" content=\"summary_large_image\" \/>\n<meta name=\"twitter:label1\" content=\"Dur\u00e9e de lecture estim\u00e9e\" \/>\n\t<meta name=\"twitter:data1\" content=\"11 minutes\" \/>\n<script type=\"application\/ld+json\" class=\"yoast-schema-graph\">{\"@context\":\"https:\/\/schema.org\",\"@graph\":[{\"@type\":\"WebPage\",\"@id\":\"https:\/\/www.lemasdunaoc.com\/conditions-generales-de-vente\/\",\"url\":\"https:\/\/www.lemasdunaoc.com\/conditions-generales-de-vente\/\",\"name\":\"CGV - Le Mas du Naoc\",\"isPartOf\":{\"@id\":\"https:\/\/www.lemasdunaoc.com\/fr\/#website\"},\"datePublished\":\"2022-02-27T15:33:24+00:00\",\"dateModified\":\"2025-04-16T10:38:58+00:00\",\"breadcrumb\":{\"@id\":\"https:\/\/www.lemasdunaoc.com\/conditions-generales-de-vente\/#breadcrumb\"},\"inLanguage\":\"fr-FR\",\"potentialAction\":[{\"@type\":\"ReadAction\",\"target\":[\"https:\/\/www.lemasdunaoc.com\/conditions-generales-de-vente\/\"]}]},{\"@type\":\"BreadcrumbList\",\"@id\":\"https:\/\/www.lemasdunaoc.com\/conditions-generales-de-vente\/#breadcrumb\",\"itemListElement\":[{\"@type\":\"ListItem\",\"position\":1,\"name\":\"Accueil\",\"item\":\"https:\/\/www.lemasdunaoc.com\/\"},{\"@type\":\"ListItem\",\"position\":2,\"name\":\"CGV\"}]},{\"@type\":\"WebSite\",\"@id\":\"https:\/\/www.lemasdunaoc.com\/fr\/#website\",\"url\":\"https:\/\/www.lemasdunaoc.com\/fr\/\",\"name\":\"Le Mas du Naoc\",\"description\":\"Maison d&#039;h\u00f4tes de charme\",\"publisher\":{\"@id\":\"https:\/\/www.lemasdunaoc.com\/fr\/#\/schema\/person\/ddb5d512a1a346bfaed7b410f9db7c41\"},\"potentialAction\":[{\"@type\":\"SearchAction\",\"target\":{\"@type\":\"EntryPoint\",\"urlTemplate\":\"https:\/\/www.lemasdunaoc.com\/fr\/?s={search_term_string}\"},\"query-input\":{\"@type\":\"PropertyValueSpecification\",\"valueRequired\":true,\"valueName\":\"search_term_string\"}}],\"inLanguage\":\"fr-FR\"},{\"@type\":[\"Person\",\"Organization\"],\"@id\":\"https:\/\/www.lemasdunaoc.com\/fr\/#\/schema\/person\/ddb5d512a1a346bfaed7b410f9db7c41\",\"name\":\"jmaingret\",\"image\":{\"@type\":\"ImageObject\",\"inLanguage\":\"fr-FR\",\"@id\":\"https:\/\/www.lemasdunaoc.com\/fr\/#\/schema\/person\/image\/\",\"url\":\"https:\/\/secure.gravatar.com\/avatar\/5784e2612ac089b84aad68c8b1266254636e487769c05a3c47565d323c1a6874?s=96&d=mm&r=g\",\"contentUrl\":\"https:\/\/secure.gravatar.com\/avatar\/5784e2612ac089b84aad68c8b1266254636e487769c05a3c47565d323c1a6874?s=96&d=mm&r=g\",\"caption\":\"jmaingret\"},\"logo\":{\"@id\":\"https:\/\/www.lemasdunaoc.com\/fr\/#\/schema\/person\/image\/\"}}]}<\/script>\n<!-- \/ Yoast SEO plugin. -->","yoast_head_json":{"title":"CGV - Le Mas du Naoc","robots":{"index":"index","follow":"follow","max-snippet":"max-snippet:-1","max-image-preview":"max-image-preview:large","max-video-preview":"max-video-preview:-1"},"canonical":"https:\/\/www.lemasdunaoc.com\/conditions-generales-de-vente\/","og_locale":"fr_FR","og_type":"article","og_title":"CGV - Le Mas du Naoc","og_description":"[vc_row][vc_column][vc_single_image image=\u00a0\u00bb4073&Prime; img_size=\u00a0\u00bb1000&#215;400&Prime; alignment=\u00a0\u00bbcenter\u00a0\u00bb][\/vc_column][\/vc_row][vc_row][vc_column][vc_column_text] Pr\u00e9ambule 1. Les pr\u00e9sentes Conditions G\u00e9n\u00e9rales de Ventes s\u2019appliquent aux r\u00e9servations individuelles faites par le client pour ses besoins personnels. 2. La demande de r\u00e9servation entra\u00eene l\u2019adh\u00e9sion...","og_url":"https:\/\/www.lemasdunaoc.com\/conditions-generales-de-vente\/","og_site_name":"Le Mas du Naoc","article_modified_time":"2025-04-16T10:38:58+00:00","twitter_card":"summary_large_image","twitter_misc":{"Dur\u00e9e de lecture estim\u00e9e":"11 minutes"},"schema":{"@context":"https:\/\/schema.org","@graph":[{"@type":"WebPage","@id":"https:\/\/www.lemasdunaoc.com\/conditions-generales-de-vente\/","url":"https:\/\/www.lemasdunaoc.com\/conditions-generales-de-vente\/","name":"CGV - Le Mas du Naoc","isPartOf":{"@id":"https:\/\/www.lemasdunaoc.com\/fr\/#website"},"datePublished":"2022-02-27T15:33:24+00:00","dateModified":"2025-04-16T10:38:58+00:00","breadcrumb":{"@id":"https:\/\/www.lemasdunaoc.com\/conditions-generales-de-vente\/#breadcrumb"},"inLanguage":"fr-FR","potentialAction":[{"@type":"ReadAction","target":["https:\/\/www.lemasdunaoc.com\/conditions-generales-de-vente\/"]}]},{"@type":"BreadcrumbList","@id":"https:\/\/www.lemasdunaoc.com\/conditions-generales-de-vente\/#breadcrumb","itemListElement":[{"@type":"ListItem","position":1,"name":"Accueil","item":"https:\/\/www.lemasdunaoc.com\/"},{"@type":"ListItem","position":2,"name":"CGV"}]},{"@type":"WebSite","@id":"https:\/\/www.lemasdunaoc.com\/fr\/#website","url":"https:\/\/www.lemasdunaoc.com\/fr\/","name":"Le Mas du Naoc","description":"Maison d&#039;h\u00f4tes de charme","publisher":{"@id":"https:\/\/www.lemasdunaoc.com\/fr\/#\/schema\/person\/ddb5d512a1a346bfaed7b410f9db7c41"},"potentialAction":[{"@type":"SearchAction","target":{"@type":"EntryPoint","urlTemplate":"https:\/\/www.lemasdunaoc.com\/fr\/?s={search_term_string}"},"query-input":{"@type":"PropertyValueSpecification","valueRequired":true,"valueName":"search_term_string"}}],"inLanguage":"fr-FR"},{"@type":["Person","Organization"],"@id":"https:\/\/www.lemasdunaoc.com\/fr\/#\/schema\/person\/ddb5d512a1a346bfaed7b410f9db7c41","name":"jmaingret","image":{"@type":"ImageObject","inLanguage":"fr-FR","@id":"https:\/\/www.lemasdunaoc.com\/fr\/#\/schema\/person\/image\/","url":"https:\/\/secure.gravatar.com\/avatar\/5784e2612ac089b84aad68c8b1266254636e487769c05a3c47565d323c1a6874?s=96&d=mm&r=g","contentUrl":"https:\/\/secure.gravatar.com\/avatar\/5784e2612ac089b84aad68c8b1266254636e487769c05a3c47565d323c1a6874?s=96&d=mm&r=g","caption":"jmaingret"},"logo":{"@id":"https:\/\/www.lemasdunaoc.com\/fr\/#\/schema\/person\/image\/"}}]}},"_links":{"self":[{"href":"https:\/\/www.lemasdunaoc.com\/fr\/wp-json\/wp\/v2\/pages\/4113","targetHints":{"allow":["GET"]}}],"collection":[{"href":"https:\/\/www.lemasdunaoc.com\/fr\/wp-json\/wp\/v2\/pages"}],"about":[{"href":"https:\/\/www.lemasdunaoc.com\/fr\/wp-json\/wp\/v2\/types\/page"}],"author":[{"embeddable":true,"href":"https:\/\/www.lemasdunaoc.com\/fr\/wp-json\/wp\/v2\/users\/1"}],"replies":[{"embeddable":true,"href":"https:\/\/www.lemasdunaoc.com\/fr\/wp-json\/wp\/v2\/comments?post=4113"}],"version-history":[{"count":25,"href":"https:\/\/www.lemasdunaoc.com\/fr\/wp-json\/wp\/v2\/pages\/4113\/revisions"}],"predecessor-version":[{"id":4639,"href":"https:\/\/www.lemasdunaoc.com\/fr\/wp-json\/wp\/v2\/pages\/4113\/revisions\/4639"}],"wp:attachment":[{"href":"https:\/\/www.lemasdunaoc.com\/fr\/wp-json\/wp\/v2\/media?parent=4113"}],"curies":[{"name":"wp","href":"https:\/\/api.w.org\/{rel}","templated":true}]}}